{"id":130,"date":"2019-04-30T06:59:12","date_gmt":"2019-04-30T06:59:12","guid":{"rendered":"http:\/\/kofe.hu\/parola\/?page_id=130"},"modified":"2019-05-08T17:16:21","modified_gmt":"2019-05-08T17:16:21","slug":"a-nyomornegyedekben-rejlo-lehetosegek","status":"publish","type":"page","link":"https:\/\/kofe.hu\/parola\/korabbi-lapszamok\/a-nyomornegyedekben-rejlo-lehetosegek\/","title":{"rendered":"A nyomornegyedekben rejl\u0151 lehet\u0151s\u00e9gek"},"content":{"rendered":"<p>[vc_row full_width=&#8221;stretch_row&#8221; css=&#8221;.vc_custom_1556609750020{background-color: #f2f2f2 !important;}&#8221;][vc_column css=&#8221;.vc_custom_1556608435755{margin-top: 40px !important;margin-bottom: 40px !important;padding-top: 40px !important;background-color: #ffffff !important;}&#8221;][vc_column_text]<\/p>\n<h1 style=\"text-align: center;\">A nyomornegyedekben rejl\u0151 lehet\u0151s\u00e9gek<\/h1>\n<p>[\/vc_column_text][vc_column_text]<span style=\"font-weight: 400;\">A nyomornegyedekben uralkod\u00f3 \u00e9letk\u00f6r\u00fclm\u00e9nyek l\u00e1tt\u00e1n, hallat\u00e1n val\u00f3sz\u00edn\u0171leg kevesekben vet\u0151dik fel a gondolat, hogy ilyen helyen b\u00e1rmi j\u00f3 is t\u00f6rt\u00e9nhet, \u00e1m ez a cikk arra v\u00e1lla<\/span> <span style=\"font-weight: 400;\">lkozik, hogy r\u00f6viden felt\u00e1rja a nyomornegyedekben rejl\u0151 potenci\u00e1lt, \u00e9s megvil\u00e1g\u00edtsa \u201ej\u00f3 oldalukat\u201d.<\/span><\/p>\n<p><span style=\"font-weight: 400;\">A nyomornegyedek sok esetben inform\u00e1lis vagy f\u00f6ldfoglal\u00f3 telepek \u2013 squatterek \u2013, melyek a v\u00e1rosba k\u00f6lt\u00f6z\u0151, legink\u00e1bb szeg\u00e9nyek \u00e1ltal, mag\u00e1n- vagy \u00e1llami tulajdonban \u00e1ll\u00f3 f\u00f6ldter\u00fcleteken l\u00e9tes\u00edtett, minden komfortot n\u00e9lk\u00fcl\u00f6z\u0151 hajl\u00e9kokb\u00f3l \u00e1ll\u00f3 telepek. (Haggett, P. 2006) Inform\u00e1lis jelleg\u00fck t\u00f6bbnyire a f\u00f6ldtulajdoni birtokviszonyokb\u00f3l ad\u00f3dik, vagyis a f\u00f6ldfoglal\u00f3k olyan helyet vesznek birtokba, ami jogilag nem az \u00f6v\u00e9k. Ez fesz\u00fclts\u00e9get gener\u00e1l a telep lak\u00f3i \u00e9s az \u00e1llam vagy a mag\u00e1ntulajdonos k\u00f6z\u00f6tt.<\/span><\/p>\n<p><span style=\"font-weight: 400;\">Afrik\u00e1ban az 1970-es \u00e9vekben erre a helyzetre adott leggyakoribb v\u00e1lasz a squatterek \u00fcld\u00f6z\u00e9se volt: gyakoriak voltak az er\u0151szakos kitelep\u00edt\u00e9sek \u00e9s a r\u00f6gt\u00f6nz\u00f6tt hajl\u00e9kok led\u00f3zerol\u00e1sa. (Pamoja Trust 2006) <\/span><\/p>\n<p><span style=\"font-weight: 400;\">\u00c1m ezek az akci\u00f3k \u00e1ltal\u00e1ban sikertelenek voltak, ugyanis a telepek a d\u00f3zerol\u00e1st k\u00f6vet\u0151en a legt\u00f6bb esetben \u00fajra l\u00e9tes\u00fcltek, csak esetleg egy kicsit arr\u00e9bb. Napjaink fel\u00e9 k\u00f6zel\u00edtve ez a megold\u00e1s egyre ritk\u00e1bban ker\u00fclt alkalmaz\u00e1sra, melynek t\u00f6bb oka is lehet. <\/span><\/p>\n<p><span style=\"font-weight: 400;\">A megv\u00e1ltozott magatart\u00e1st a hat\u00f3s\u00e1gok r\u00e9sz\u00e9r\u0151l \u00e9rtelmezhetj\u00fck a m\u00f3dszer kudarc\u00e1nak elismer\u00e9sek\u00e9nt. Ugyanakkor az \u00e9rintettek \u2013 f\u0151leg a \u201990-es \u00e9vekt\u0151l \u2013 egyre er\u0151teljesebben fejezt\u00e9k ki nemtetsz\u00e9s\u00fcket \u00e9s tiltakoztak a nyomornegyedeket \u00e9rt igazs\u00e1gtalans\u00e1gok ellen. <\/span><\/p>\n<p><span style=\"font-weight: 400;\"><img loading=\"lazy\" decoding=\"async\" class=\"alignright size-full wp-image-10\" src=\"http:\/\/kofe.hu\/parola\/wp-content\/uploads\/2019\/03\/parolaweblogo2.png\" alt=\"\" width=\"241\" height=\"65\" \/>Keny\u00e1ban p\u00e9ld\u00e1ul 1996-ra megalakult a szeg\u00e9nyeket egyes\u00edt\u0151, Muungano wa Wanavijivi mozgalom, mely agressz\u00edv \u00e9s hat\u00e9kony \u00e9rdekk\u00e9pviseletet k\u00e9pezett a legszeg\u00e9nyebbek sz\u00e1m\u00e1ra. (Pamoja Trust 2006) Fontos t\u00e9nyez\u0151 volt tov\u00e1bb\u00e1 a fokoz\u00f3d\u00f3 nemzetk\u00f6zi nyom\u00e1s \u2013 pl. az ENSZ r\u00e9sz\u00e9r\u0151l \u2013, mely el\u00edt\u00e9lte ezt a fajta \u201eprobl\u00e9makezel\u00e9st\u201d \u00e9s hat\u00e9kony megold\u00e1s kidolgoz\u00e1s\u00e1t szorgalmazta. (Pamoja Trust 2006) <\/span><\/p>\n<p><span style=\"font-weight: 400;\">Negyedik t\u00e9nyez\u0151k\u00e9nt eml\u00edthet\u0151k a nyomornegyedekkel kapcsolatos, egyre kiterjedtebb kutat\u00e1sok, melyek felt\u00e1rt\u00e1k e telepek funkci\u00f3it, melyeket Peter Haggett a k\u00f6vetkez\u0151 pontokban \u00f6sszegez:<\/span><\/p>\n<ol>\n<li style=\"font-weight: 400;\"><span style=\"font-weight: 400;\">a v\u00e1rosba \u00e9rkez\u0151 bev\u00e1ndorl\u00f3k fogad\u00f3helyei, <\/span><\/li>\n<li style=\"font-weight: 400;\"><span style=\"font-weight: 400;\">a legszeg\u00e9nyebb r\u00e9tegeknek ny\u00fajt lak\u00f3helyet, <\/span><\/li>\n<li style=\"font-weight: 400;\"><span style=\"font-weight: 400;\">sok munkalehet\u0151s\u00e9get k\u00edn\u00e1l, <\/span><\/li>\n<li style=\"font-weight: 400;\"><span style=\"font-weight: 400;\">t\u00e1rsadalmi \u00e9s k\u00f6z\u00f6ss\u00e9gi k\u00f6tel\u00e9k\u00fckn\u00e9l fogva v\u00e9delmet ny\u00fajtanak az egy\u00e9n sz\u00e1m\u00e1ra a munkan\u00e9lk\u00fclis\u00e9g \u00e9s m\u00e1s szem\u00e9lyes probl\u00e9m\u00e1k id\u0151szak\u00e1ban, <\/span><\/li>\n<li style=\"font-weight: 400;\"><span style=\"font-weight: 400;\">serkentik az \u00f6ner\u0151re t\u00e1maszkod\u00e1st a lak\u00e1sok fel\u00faj\u00edt\u00e1sa ter\u00e9n, <\/span><\/li>\n<li style=\"font-weight: 400;\"><span style=\"font-weight: 400;\">a v\u00e1rosi munkahelyek k\u00f6zel\u00e9ben el\u00e9rhet\u0151 otthont ny\u00fajtanak a szeg\u00e9nyeknek. (Haggett, P. 2006, 259. o.) <\/span><\/li>\n<\/ol>\n<p>[\/vc_column_text][vc_single_image image=&#8221;148&#8243; add_caption=&#8221;yes&#8221; luv_animation=&#8221;c-animate-fade-in&#8221;][vc_column_text]<span style=\"font-weight: 400;\">Elmondhat\u00f3 teh\u00e1t, hogy az \u00e1llami szolg\u00e1ltat\u00e1sok gazdas\u00e1gi \u00e9s politikai korl\u00e1tai k\u00f6vetkezt\u00e9ben a nyomornegyedek l\u00e1tj\u00e1k el az \u00e1llam feladat\u00e1t: megfelel\u0151 sz\u00e1m\u00fa lakhely \u00e9s ehhez kapcsol\u00f3d\u00f3 infrastrukt\u00fara, szoci\u00e1lis szolg\u00e1ltat\u00e1sok biztos\u00edt\u00e1sa. D\u00f6nt\u0151en e felismer\u00e9snek k\u00f6sz\u00f6nhet\u0151, hogy az ezredfordul\u00f3 ut\u00e1n nagyj\u00e1b\u00f3l megsz\u0171nt \u2013 vagy legal\u00e1bb is jelent\u0151s m\u00e9rt\u00e9kben visszaesett \u2013 a nyomornegyedek \u00fcld\u00f6z\u00e9se.<\/span><\/p>\n<p><span style=\"font-weight: 400;\">A nyomornegyedekben a tulajdonjog hi\u00e1nya mellett a lak\u00e1sk\u00f6r\u00fclm\u00e9nyekkel kapcsolatos m\u00e1sik nagy probl\u00e9ma az infrastrukt\u00fara hi\u00e1nya, melynek k\u00e1ros eg\u00e9szs\u00e9g\u00fcgyi hat\u00e1sait szeml\u00e9letesen jellemzi a k\u00f6vetkez\u0151 n\u00e9h\u00e1ny adat: a 21. sz\u00e1zad elej\u00e9n \u00e9vente legal\u00e1bb egymilli\u00f3 gyermek \u00e9s csecsem\u0151 halt meg olyan betegs\u00e9gekben, amelyek k\u00f6zvetlen\u00fcl a v\u00edz- \u00e9s higi\u00e9niai ell\u00e1totts\u00e1g rossz min\u0151s\u00e9g\u00e9vel f\u00fcggnek \u00f6ssze (UN-HABITAT 2003), valamint minden tizedik gyermek meghalt az 5. sz\u00fclet\u00e9snapja el\u0151tt a szeg\u00e9ny orsz\u00e1gok v\u00e1rosaiban. (Satterthwaite, 2004)<\/span><\/p>\n<p><span style=\"font-weight: 400;\">Kiber\u00e1ban \u2013 Kenya f\u0151v\u00e1ros\u00e1nak legnagyobb nyomornegyed\u00e9ben \u2013 eg\u00e9szs\u00e9g\u00fcgyi szervezetek felm\u00e9r\u00e9sei szerint a lak\u00f3k fel\u00e9n\u00e9l diagnosztiz\u00e1lhat\u00f3 kolera, mal\u00e1ria, t\u00edfusz, vagy s\u00falyos v\u00edrusos megbeteged\u00e9s. A gyermekek 40%-a pedig nem \u00e9li meg az 5 \u00e9ves kort. (Solym\u00e1ri D. 2012)<\/span><\/p>\n<p><span style=\"font-weight: 400;\">A fejl\u0151d\u0151 vil\u00e1g nyomornegyedei napjainkban teh\u00e1t hasonl\u00f3 neh\u00e9zs\u00e9gekkel k\u00fcszk\u00f6dnek, mint a modern urbaniz\u00e1ci\u00f3 hajnal\u00e1n a viktori\u00e1nus London: t\u00edfusz, kolera, tuberkul\u00f3zis. Ezeken k\u00edv\u00fcl a helyzetet m\u00e9g s\u00falyosabb\u00e1 teszik az \u00fagynevezett \u201emodern\u201d betegs\u00e9gek: az asztma, sz\u00edvbetegs\u00e9g, r\u00e1k stb., \u00edgy ezek az emberek a betegs\u00e9gek \u201e<\/span><i><span style=\"font-weight: 400;\">kett\u0151s terh\u00e9t<\/span><\/i><span style=\"font-weight: 400;\">\u201d k\u00e9nytelenek viselni. (Stephens-Stair, 2007)<\/span><\/p>\n<p><span style=\"font-weight: 400;\">A fejlett vil\u00e1g v\u00e1rosainak eset\u00e9ben a 19. sz\u00e1zadi k\u00f6zeg\u00e9szs\u00e9g\u00fcgyi probl\u00e9m\u00e1k megold\u00e1s\u00e1ra jelent\u0151s m\u00e9ret\u0171 modern infrastrukt\u00fara \u00e9p\u00fclt ki (p\u00e9ld\u00e1ul London szennyv\u00edzelvezet\u0151-rendszer\u00e9nek \u00e9p\u00edt\u00e9s\u00e9t az 1850-es \u00e9vek koleraj\u00e1rv\u00e1nya ut\u00e1n kezdem\u00e9nyezt\u00e9k. (O\u2019Meara, M. 1999) B\u00e1r a fejlett vil\u00e1g nagyv\u00e1rosai m\u0171szaki szempontb\u00f3l a lakoss\u00e1g ig\u00e9nyeit kiel\u00e9g\u00edtik, a vel\u00fck kapcsolatos legnagyobb probl\u00e9ma az, hogy \u201e<\/span><i><span style=\"font-weight: 400;\">nem felelnek meg a jelenkor ig\u00e9nyeinek, mivel ellent\u00e9tesek a fenntarthat\u00f3 fejl\u0151d\u00e9ssel.<\/span><\/i><span style=\"font-weight: 400;\">\u201d (O\u2019Meara, M. 1999, 147. o.)<\/span><\/p>\n<p><span style=\"font-weight: 400;\">Napjainkban ugyanis nemcsak a fejl\u0151d\u0151 vil\u00e1g nagyv\u00e1rosaiban tapasztalhat\u00f3 embertelen \u00e9letk\u00f6r\u00fclm\u00e9nyek jelentenek gondot, de fenyeget a d\u00f6nt\u0151en a fejlett vil\u00e1gban zajl\u00f3, er\u0151forr\u00e1sok tarthatatlanul pazarl\u00f3 felhaszn\u00e1l\u00e1sa is. P\u00e9ld\u00e1ul ahhoz, hogy a londoniak \u00e9lelmiszer- \u00e9s faig\u00e9ny\u00e9t kiel\u00e9g\u00edts\u00e9k, a v\u00e1ros ter\u00fclet\u00e9nek 58-szoros\u00e1t kell hasznos\u00edtania. \u00c1m ha a vil\u00e1g n\u00e9pess\u00e9g\u00e9nek sz\u00fcks\u00e9gleteit a londoniak szintj\u00e9n el\u00e9g\u00edten\u00e9nk ki, legal\u00e1bb m\u00e9g 3 F\u00f6ldre lenne sz\u00fcks\u00e9g\u00fcnk. (O\u2019Meara, M. 1999)<\/span><\/p>\n<p><span style=\"font-weight: 400;\">B\u00e1r a v\u00e1rostervez\u0151k m\u00faltban alkalmazott sz\u00e1mos megold\u00e1sa sokat jav\u00edthat a mai v\u00e1rosok eg\u00e9szs\u00e9g\u00fcgyi helyzet\u00e9n, ma m\u00e1r a v\u00e1rosi rendszereknek \u00e9s strukt\u00far\u00e1knak k\u00f6rnyezetileg fenntarthat\u00f3knak kell lenni\u00fck. (Stephens, C. \u00a0Stair, P. 2007) \u00cdgy a m\u00e9g hi\u00e1nyos infrastrukt\u00far\u00e1val rendelkez\u0151 v\u00e1rosok, b\u00e1rmennyire is megd\u00f6bbent\u0151 \u00e1ll\u00edt\u00e1s, a j\u00f6v\u0151 szempontj\u00e1b\u00f3l el\u0151ny\u00f6sebb helyzetben vannak, mint fejlett t\u00e1rsaik. Ugyanis es\u00e9ly\u00fck van arra, hogy \u201e<\/span><i><span style=\"font-weight: 400;\">\u00e1tugorj\u00e1k az elavult \u00e9s k\u00f6lts\u00e9ges rendszereket, amelyek az ipari forradalom sor\u00e1n l\u00e9tes\u00fcltek<\/span><\/i><span style=\"font-weight: 400;\">\u201d \u00e9s k\u00f6rnyezeti szempontb\u00f3l fenntarthat\u00f3 megold\u00e1sokat sz\u00e9les k\u00f6rben val\u00f3s\u00edtsanak meg, pl. v\u00edztakar\u00e9kos WC-k, passz\u00edv napenergia-hasznos\u00edt\u00e1s, biomassz\u00e1val val\u00f3 f\u0171t\u00e9s stb. (Perlman, J. E. \u00a0O\u2019Meara Sheehan, M. 2007) <\/span><\/p>\n<p><span style=\"font-weight: 400;\">Ennek az elk\u00e9pzel\u00e9snek a megval\u00f3sul\u00e1s\u00e1ra l\u00e1thatunk p\u00e9ld\u00e1t a d\u00e9l-afrikai Kimberlyben, ahol egy mag\u00e1nv\u00e1llalkoz\u00f3 a helyi szeg\u00e9nyekkel arra sz\u00f6vetkezett, hogy a nyomornegyed hely\u00e9n egy 200 csal\u00e1d r\u00e9sz\u00e9re alkalmas \u201enapfalut\u201d hozzanak l\u00e9tre. Az otthonok energiasz\u00fcks\u00e9glet\u00e9t napenergi\u00e1b\u00f3l fedezik: ugyanis a telkeket hatos\u00e1val \u00f6sszekapcsolt napkemenc\u00e9k l\u00e1tj\u00e1k el energi\u00e1val. A ter\u00fcleten a hullad\u00e9k \u00fajrahasznos\u00edt\u00e1sa is t\u00f6bbnyire megoldott, ugyanis a helyben komposzt\u00e1lt h\u00e1ztart\u00e1si szerves hullad\u00e9kkal a kerteket tr\u00e1gy\u00e1zz\u00e1k. Az \u00f6nt\u00f6z\u00e9s sz\u0171rt szennyv\u00edzzel t\u00f6rt\u00e9nik, \u00edgy a lak\u00f3knak lehet\u0151s\u00e9ge van \u00e9lelmiszer termel\u00e9s\u00e9re saj\u00e1t sz\u00fcks\u00e9gleteik kiel\u00e9g\u00edt\u00e9se \u00e9rdek\u00e9ben. Az \u00e9rintett otthonok \u00e9p\u00edt\u00e9si k\u00f6lts\u00e9ge pedig nem haladja meg az \u00e1llam \u00e1ltal az els\u0151 otthont v\u00e1s\u00e1rl\u00f3knak juttatott kedvezm\u00e9ny \u00f6sszeg\u00e9t. (O\u2019Meara, M. 1999) <\/span>[\/vc_column_text][vc_single_image image=&#8221;149&#8243; add_caption=&#8221;yes&#8221; alignment=&#8221;center&#8221;][vc_column_text]<span style=\"font-weight: 400;\">Egy m\u00e1sik p\u00e9lda a kenyai Kitale v\u00e1ros\u00e1ban tal\u00e1lhat\u00f3 Kipsongo nyomornegyed, ahol a brit Nemzetk\u00f6zi Fejleszt\u00e9si Miniszt\u00e9rium \u00e1ltal kezdem\u00e9nyezett, 2001 \u00e9s 2004 k\u00f6z\u00f6tt megval\u00f3sul\u00f3 k\u00f6z\u00f6ss\u00e9gi tervez\u00e9s keret\u00e9ben a helyiek elk\u00e9sz\u00edtett\u00e9k a Kipsongo Szomsz\u00e9ds\u00e1gi Tervet, melyben legs\u00falyosabb probl\u00e9m\u00e1nak a tiszta iv\u00f3v\u00edz hi\u00e1ny\u00e1t azonos\u00edtott\u00e1k. (Majale, M. 2009) Megold\u00e1s gyan\u00e1nt pedig \u2013 a k\u00f6z\u00f6ss\u00e9gi tervez\u00e9sben r\u00e9sztvev\u0151 t\u00f6bbi szerepl\u0151vel kooper\u00e1lva \u2013 a helyiek 5 szanit\u00e1ci\u00f3s blokkot \u00e9p\u00edtettek, amikben egyenk\u00e9nt 2 WC \u00e9s 2 f\u00fcrd\u0151szoba kapott helyet. A kivitelez\u00e9s sor\u00e1n az \u00f6nkorm\u00e1nyzat eltekintett a hat\u00e1lyos \u00e9p\u00edt\u00e9si szab\u00e1lyokt\u00f3l, \u00edgy a vezet\u00e9kes iv\u00f3v\u00edz \u00e9s a v\u00edz\u00f6bl\u00edt\u00e9ses mell\u00e9khelys\u00e9g helyett, a helyi ig\u00e9nyekhez sokkal jobban igazod\u00f3, l\u00e9nyegesen olcs\u00f3bb technol\u00f3gi\u00e1k ker\u00fclhettek megval\u00f3s\u00edt\u00e1sra, nevezetesen szell\u0151z\u0151 latrina (ventilated improved pit latrine) \u00e9s v\u00e9dett forr\u00e1sv\u00edz, ami tiszta vizet biztos\u00edt a f\u00fcrd\u00e9shez, mos\u00e1shoz. (Majale, M. 2009) Magukat az \u00e9p\u00fcleteket pedig stabiliz\u00e1lt f\u00f6ldt\u00e9gl\u00e1b\u00f3l k\u00e9sz\u00edtett\u00e9k, amiket a helyi fiatalok \u00e1ll\u00edtottak el\u0151, akiket megtan\u00edtottak az elj\u00e1r\u00e1sra, s a sz\u00fcks\u00e9ges sajtol\u00f3 berendez\u00e9ssel is felszerelt\u00e9k \u0151ket annak \u00e9rdek\u00e9ben, hogy saj\u00e1t v\u00e1llalkoz\u00e1st tudjanak ind\u00edtani (Majale, 2008) <\/span><\/p>\n<p><span style=\"font-weight: 400;\">Ebb\u0151l a p\u00e9ld\u00e1b\u00f3l is kit\u0171nik, hogy a nyomornegyedek legnagyobb potenci\u00e1lja magukban az ott \u00e9l\u0151 emberekben rejlik. Nagyon fontos ugyanis, hogy a slumlak\u00f3kat ne tehetetlen embert\u00f6megk\u00e9nt l\u00e1ssuk, hanem a t\u00e1rsadalom dinamizmus\u00e1nak, az emberi elme rugalmass\u00e1g\u00e1nak legf\u0151bb k\u00e9pvisel\u0151ik\u00e9nt. (UN-HABITAT 2007) Ahhoz ugyanis, hogy a nyomor\u00fas\u00e1gos, kil\u00e1t\u00e1stalan k\u00f6r\u00fclm\u00e9nyek k\u00f6z\u00f6tt is meg tudjanak \u00e9lni, lelem\u00e9nyes megold\u00e1sokra van sz\u00fcks\u00e9g\u00fck. \u00cdgy a nyomornegyedlak\u00f3k jelent\u0151s r\u00e9sze valamilyen form\u00e1ban mikro-v\u00e1llalkoz\u00f3. (Ricz J. 2009) Ilyen m\u00f3don saj\u00e1t maguknak teremtenek munkalehet\u0151s\u00e9get. <\/span><\/p>\n<p><span style=\"font-weight: 400;\">Err\u0151l sz\u00e1molt be a Kiber\u00e1ban \u00f6nk\u00e9ntesked\u0151 Willbrandt Nikoletta is. A vele k\u00e9sz\u00edtett interj\u00fa sor\u00e1n kider\u00fclt, hogy a nyomornegyedben \u00e9l\u00e9nk gazdas\u00e1got m\u0171k\u00f6dtetnek a helyiek, soksz\u00edn\u0171 kis \u00fczleteik \u00e1ltal: \u201e[\u2026] <\/span><i><span style=\"font-weight: 400;\">b\u00fatorokat csin\u00e1lnak bent, \u00e9s az\u00e9rt, mert van r\u00e1 ig\u00e9ny. Van egy nagy piac a telep k\u00f6zep\u00e9n, ahol \u00e1ltal\u00e1ban z\u00f6lds\u00e9get, gy\u00fcm\u00f6lcs\u00f6t \u00e1rulnak. De nagyon nagy a haszn\u00e1ltruha biznisz is. Vannak varrod\u00e1k, \u00e9ttermek, fodr\u00e1szatok, \u00e9s zeneboltok is, ahol hamis\u00edtott cd-ket, dvd-k-et lehet kapni. Meg mobiltelefon boltok is.<\/span><\/i><span style=\"font-weight: 400;\">\u201d (Willbrandt, N. 2015) <\/span><\/p>\n<p><span style=\"font-weight: 400;\">\u00c1m a v\u00e1llalkoz\u00e1s ind\u00edt\u00e1s\u00e1hoz szinte elengedhetetlen a megtakar\u00edt\u00e1s \u00e9s a hitel. (Perlman, J. E., O\u2019Meara Sheehan, M. 2007) De az emberek csak akkor juthatnak banki k\u00f6lcs\u00f6nh\u00f6z, ha egyr\u00e9szt igazolni tudj\u00e1k fizet\u0151k\u00e9pess\u00e9g\u00fcket (O\u2019Meara Sheehan, M. 2003), m\u00e1sr\u00e9szt bejelentett lakhellyel rendelkeznek. El\u0151bbi probl\u00e9ma kik\u00fcsz\u00f6b\u00f6l\u00e9s\u00e9re sz\u00e1mos alulr\u00f3l j\u00f6v\u0151 kezdem\u00e9nyez\u00e9st j\u00f6tt l\u00e9tre vil\u00e1gszerte, amik sikerrel j\u00e1rtak. <\/span>[\/vc_column_text][vc_single_image image=&#8221;150&#8243; add_caption=&#8221;yes&#8221; alignment=&#8221;center&#8221;][vc_column_text]<span style=\"font-weight: 400;\">Egyik ilyen p\u00e9lda az 1996-ban alakult Nemzetk\u00f6zi Slum- \u00e9s Visk\u00f3lak\u00f3 Sz\u00f6vets\u00e9g (Slum\/Shack Dwellers International (SDI), mely m\u00f3dszereinek sarokk\u00f6ve a csoportos takar\u00e9koss\u00e1g. A gyakorlatban ez \u00fagy n\u00e9z ki, hogy a k\u00f6z\u00f6ss\u00e9gek takar\u00e9koss\u00e1gi csoportokat hoznak l\u00e9tre, amik a megtakar\u00edtott p\u00e9nzb\u0151l forg\u00f3alapot k\u00e9peznek. Ez a t\u0151ke lehet\u0151s\u00e9get ny\u00fajt az emberek \u00e9letk\u00f6r\u00fclm\u00e9nyeinek jav\u00edt\u00e1s\u00e1ra, a szeg\u00e9nys\u00e9gb\u0151l kifel\u00e9 vezet\u0151 \u00faton val\u00f3 elindul\u00e1sra, ugyanis hozz\u00e1j\u00e1rul pl. kisv\u00e1llalkoz\u00e1sok elind\u00edt\u00e1s\u00e1hoz, h\u00e1z\u00e9p\u00edt\u00e9shez, tand\u00edj finansz\u00edroz\u00e1s\u00e1hoz stb. (Internet: SDI) <\/span><\/p>\n<p><span style=\"font-weight: 400;\">Az elm\u00falt 20 \u00e9vben sz\u00e1mos ilyen, a v\u00e1rosi szeg\u00e9nyek csoportjait t\u00f6m\u00f6r\u00edt\u0151 sz\u00f6vets\u00e9g alakult, melynek tagjai k\u00f6z\u00f6tt szoros egy\u00fcttm\u0171k\u00f6d\u00e9s van: a csoportok tanulnak egym\u00e1st\u00f3l, t\u00e1mogatj\u00e1k egym\u00e1st. (Perlman, J. E.-O\u2019Meara Sheehan, M. 2007) \u00a0\u00a0\u00a0\u00a0<\/span><\/p>\n<p>&nbsp;<\/p>\n<p><span style=\"font-weight: 400;\">\u00d6sszess\u00e9g\u00e9ben teh\u00e1t elmondhat\u00f3, hogy a nyomornegyedek nem puszt\u00e1n a m\u00e9lyszeg\u00e9nys\u00e9g, emberi trag\u00e9di\u00e1k, maga a nyomor gy\u0171jt\u0151ter\u00fcletei, hanem az \u00e1llam gazdas\u00e1gi \u00e9s politikai kudarc\u00e1ra adott v\u00e1laszok, melyek fontos funkci\u00f3kkal rendelkeznek a lakoss\u00e1g szempontj\u00e1b\u00f3l. Meg\u00e1llap\u00edthat\u00f3 tov\u00e1bb\u00e1, hogy \u00e9ppen a lemarad\u00e1sukb\u00f3l, elmaradotts\u00e1gukb\u00f3l fakadnak el\u0151ny\u00f6k is, melyek kiakn\u00e1z\u00e1sa a vil\u00e1gunk j\u00f6v\u0151je szempontj\u00e1b\u00f3l is l\u00e9nyegesek: nevezetesen a k\u00f6rnyezeti szempontb\u00f3l fenntarthat\u00f3 infrastrukt\u00fara l\u00e9tes\u00edt\u00e9s\u00e9nek es\u00e9lye. Mindennek a potenci\u00e1lnak a kulcsa, motorja maguk az ott \u00e9l\u0151 emberek, a benn\u00fck rejl\u0151 kreativit\u00e1ssal. A korm\u00e1nyok kudarc\u00e1t mutatja, hogy ezt az energi\u00e1t nem tudj\u00e1k hasznos\u00edtani. (O\u2019Meara Sheehan, M. 2003) <\/span><\/p>\n<p>&nbsp;<\/p>\n<p><a href=\"mailto:rachelczirjak@gmail.com\"><span style=\"font-weight: 400;\">rachelczirjak@gmail.com<\/span><\/a>[\/vc_column_text][vc_text_separator title=&#8221;Tartalomjegyz\u00e9k&#8221; color=&#8221;orange&#8221; border_width=&#8221;3&#8243;][vc_column_text]<\/p>\n<ul>\n<li style=\"font-weight: 400;\"><span style=\"font-weight: 400;\">DNA: Prakash Parsekar (fot\u00f3)<\/span> <a href=\"https:\/\/www.dnaindia.com\/mumbai\/report-slums-should-be-allowed-height-of-20-feet-must-be-regularised-bmc-opposition-leader-pravin-chheda-2235506\"><span style=\"font-weight: 400;\">https:\/\/www.dnaindia.com\/mumbai\/report-slums-should-be-allowed-height-of-20-feet-must-be-regularised-bmc-opposition-leader-pravin-chheda-2235506<\/span><\/a><span style=\"font-weight: 400;\"> (Let\u00f6lt\u00e9s d\u00e1tuma: 2018.11.15.)<\/span><\/li>\n<li style=\"font-weight: 400;\"><span style=\"font-weight: 400;\">Francioso, Silvia, CommUnity by InnoEnergy (fot\u00f3) <\/span><a href=\"https:\/\/www.facebook.com\/CommUnityInnoEnergy\/photos\/ms.c.eJxFUccNA0AI2yiimbL~;YtFBIF8LVziioqhSCKmqH25ArDLE0vIHEDxDQMZ74QUttsIPYMTTkLClOJqiMkBW6bswzQUSTyOiVoNaQ8X2wr0pvi5C3sFqc3CNra6thD2AEZvDJjqWQtwU43OpvmC6coIWJV~_Kcmv4ATFJcW01uoucLee47KYc3UWAtdVOarUU0XwaEL~_LCebXFr260~_1R3G~_Ic~_EGHLoaNhPmUXhczI~_Sb9PaN2Spju2WY0NfQK5L50D~_u~;QrU~_6VOqI40ewJmf0LQfyBtQ~-~-.bps.a.1779789175391847\/1779790982058333\/?type=3&amp;theater\"><span style=\"font-weight: 400;\">https:\/\/www.facebook.com\/CommUnityInnoEnergy\/photos\/ms.c.eJxFUccNA0AI2yiimbL~;YtFBIF8LVziioqhSCKmqH25ArDLE0vIHEDxDQMZ74QUttsIPYMTTkLClOJqiMkBW6bswzQUSTyOiVoNaQ8X2wr0pvi5C3sFqc3CNra6thD2AEZvDJjqWQtwU43OpvmC6coIWJV~_Kcmv4ATFJcW01uoucLee47KYc3UWAtdVOarUU0XwaEL~_LCebXFr260~_1R3G~_Ic~_EGHLoaNhPmUXhczI~_Sb9PaN2Spju2WY0NfQK5L50D~_u~;QrU~_6VOqI40ewJmf0LQfyBtQ~-~-.bps.a.1779789175391847\/1779790982058333\/?type=3&amp;theater<\/span><\/a><span style=\"font-weight: 400;\"> (Let\u00f6lt\u00e9s d\u00e1tuma: 2018.11.15.)<\/span><\/li>\n<li style=\"font-weight: 400;\"><span style=\"font-weight: 400;\">Haggett, Peter (2006): Geogr\u00e1fia \u2013 Glob\u00e1lis szint\u00e9zis. Typotex, Budapest, 842 o. <\/span><\/li>\n<li style=\"font-weight: 400;\"><span style=\"font-weight: 400;\">Just One blog: Bryan&#8217;s View: Corporate Kibera. 2015.06.02.,<\/span> <a href=\"https:\/\/www.iamjustone.ca\/blogs\/news\/30408385-bryans-view-corporate-kibera\"><span style=\"font-weight: 400;\">https:\/\/www.iamjustone.ca\/blogs\/news\/30408385-bryans-view-corporate-kibera<\/span><\/a><span style=\"font-weight: 400;\"> (Let\u00f6lt\u00e9s d\u00e1tuma: 2018.11.15.)<\/span><\/li>\n<li style=\"font-weight: 400;\"><span style=\"font-weight: 400;\">Majale, Michael (2008): Employment creation through participatory urban planning and slum upgrading: The case of Kitale, Kenya. In: Habitat International, 32. 270-282. o.<\/span><\/li>\n<li style=\"font-weight: 400;\"><span style=\"font-weight: 400;\">Majale, Michael (2009): Developing Participatory Planning Practices in Kitale, Kenya. Planning Sustainable Cities: Global Report on Human Settlements 2009, UN-HABITAT, 16. o. <\/span><a href=\"https:\/\/unhabitat.org\/wp-content\/uploads\/2010\/07\/GRHS2009CaseStudyChapter04Kitale.pdf\"><span style=\"font-weight: 400;\">https:\/\/unhabitat.org\/wp-content\/uploads\/2010\/07\/GRHS2009CaseStudyChapter04Kitale.pdf<\/span><\/a><span style=\"font-weight: 400;\"> (Let\u00f6lt\u00e9s d\u00e1tuma: 2018.11.15.)<\/span><\/li>\n<li style=\"font-weight: 400;\"><span style=\"font-weight: 400;\">O\u2019Meara Sheehan, Molly (2003): Sz\u00e9tdarabolt v\u00e1rosok egyes\u00edt\u00e9se. In: A vil\u00e1g helyzete 2003 &#8211; A Wordwatch Institute jelent\u00e9se a fenntarthat\u00f3 t\u00e1rsadalomhoz vezet\u0151 folyamatr\u00f3l (Worldwatch Institute), F\u00f6ld Napja Alap\u00edtv\u00e1ny, Budapest, 174-202. o. <\/span><\/li>\n<li style=\"font-weight: 400;\"><span style=\"font-weight: 400;\">O\u2019Meara, Molly (1999): Egy \u00faj nagyv\u00e1rosi v\u00edzi\u00f3. In: A vil\u00e1g helyzete 1999 &#8211; A Wordwatch Institute jelent\u00e9se a fenntarthat\u00f3 t\u00e1rsadalomhoz vezet\u0151 folyamatr\u00f3l (Worldwatch Institute), F\u00f6ld Napja Alap\u00edtv\u00e1ny, Budapest, 146-165. o.<\/span><\/li>\n<li style=\"font-weight: 400;\"><span style=\"font-weight: 400;\">Pamoja Trust (2006): An inventory of Slums in Nairobi. Pamoja Trust, 51 o. <\/span><\/li>\n<li style=\"font-weight: 400;\"><span style=\"font-weight: 400;\">Perlman, Janice E.-O\u2019Meara Sheehan, Molly (2007): K\u00fczdelem a v\u00e1rosi szeg\u00e9nys\u00e9g \u00e9s a k\u00f6rnyezeti igazs\u00e1gtalans\u00e1g ellen. In: A vil\u00e1g helyzete 2007 \u2013 V\u00e1rosaink j\u00f6v\u0151je &#8211; A Wordwatch Institute jelent\u00e9se a fenntarthat\u00f3 t\u00e1rsadalomhoz vezet\u0151 folyamatr\u00f3l (Worldwatch Institute), F\u00f6ld Napja Alap\u00edtv\u00e1ny, Budapest, 228-250. o. <\/span><\/li>\n<li style=\"font-weight: 400;\"><span style=\"font-weight: 400;\">Ricz Judit (2009): Nyomornegyedek, szeg\u00e9nys\u00e9g, b\u0171n\u00f6z\u00e9s \u2013 van-e ki\u00fat? Fala V\u00e1ros R\u00e9gi\u00f3, 2009. 2. 26-33. o. <\/span><\/li>\n<li style=\"font-weight: 400;\"><span style=\"font-weight: 400;\">Satterthwaite, David (2004): The Under-estimation of Urban Poverty in Low and Middle-Income Nations. In: Poverty Reduction in Urban Areas, International Institute on Environment and Development, London, 1-75. o. <\/span><\/li>\n<li style=\"font-weight: 400;\"><span style=\"font-weight: 400;\">SDI: Patel, Sheela; Burra, Sunda; D&#8217;Cruz, Celine (2001): Slum\/Shack Dwellers International (SDI) &#8211; foundations to treetops. Environment and Urbanization, 45-59. o.<\/span> <span style=\"font-weight: 400;\">http:\/\/eau.sagepub.com\/content\/13\/2\/45<\/span><span style=\"font-weight: 400;\"> (2018.11.15.) <\/span><\/li>\n<li style=\"font-weight: 400;\"><span style=\"font-weight: 400;\">Solym\u00e1ri D\u00e1niel (2012): A nyomor ezer arca \u2013 Elfeledett milli\u00f3k. In: \u00daj Ember, <\/span><a href=\"http:\/\/ujember.hu\/a-nyomor-ezer-arca\/\"><span style=\"font-weight: 400;\">http:\/\/ujember.hu\/a-nyomor-ezer-arca\/<\/span><\/a><span style=\"font-weight: 400;\"> (Let\u00f6lt\u00e9s d\u00e1tuma: 2018.11.15.)<\/span><\/li>\n<li style=\"font-weight: 400;\"><span style=\"font-weight: 400;\">Stephens, Carolyn-Stair, Peter (2007): A v\u00e1rosi k\u00f6zeg\u00e9szs\u00e9g\u00fcgy \u00faj \u00fatja. In: A vil\u00e1g helyzete 2007 \u2013 V\u00e1rosaink j\u00f6v\u0151je &#8211; A Wordwatch Institute jelent\u00e9se a fenntarthat\u00f3 t\u00e1rsadalomhoz vezet\u0151 folyamatr\u00f3l (Worldwatch Institute), F\u00f6ld Napja Alap\u00edtv\u00e1ny, Budapest, 181-197. o. <\/span><\/li>\n<li style=\"font-weight: 400;\"><span style=\"font-weight: 400;\">UN-HABITAT (2003): Water and Sanitation in the World\u2019s Cities: Local Action for Global Goals, Earthscan Publication Ltd, London, 273 o. <\/span><\/li>\n<li style=\"font-weight: 400;\"><span style=\"font-weight: 400;\">UN-HABITAT (2007): Financing for the urban poor. Habitat Debate, 13. 1. 1-24. o. <\/span><\/li>\n<li style=\"font-weight: 400;\"><span style=\"font-weight: 400;\">Willbrandt Nikoletta (2015): a szerz\u0151nek Willbrand Nikolett\u00e1val, a Magyar \u00d6nk\u00e9ntesk\u00fcld\u0151 Alap\u00edtv\u00e1ny egykori \u00f6nk\u00e9ntes\u00e9vel k\u00e9sz\u00edtett interj\u00faja<\/span><\/li>\n<\/ul>\n<p>[\/vc_column_text][\/vc_column][\/vc_row]<\/p>\n","protected":false},"excerpt":{"rendered":"<p>[vc_row full_width=&#8221;stretch_row&#8221; css=&#8221;.vc_custom_1556609750020{background-color: #f2f2f2 !important;}&#8221;][vc_column css=&#8221;.vc_custom_1556608435755{margin-top: 40px !important;margin-bottom: 40px !important;padding-top: 40px !important;background-color: #ffffff !important;}&#8221;][vc_column_text] A nyomornegyedekben rejl\u0151 lehet\u0151s\u00e9gek [\/vc_column_text][vc_column_text]A nyomornegyedekben uralkod\u00f3 \u00e9letk\u00f6r\u00fclm\u00e9nyek l\u00e1tt\u00e1n, hallat\u00e1n val\u00f3sz\u00edn\u0171leg kevesekben vet\u0151dik fel a gondolat, hogy ilyen helyen b\u00e1rmi j\u00f3 is t\u00f6rt\u00e9nhet, \u00e1m ez a cikk arra v\u00e1lla lkozik, hogy r\u00f6viden felt\u00e1rja a nyomornegyedekben rejl\u0151 potenci\u00e1lt, \u00e9s megvil\u00e1g\u00edtsa \u201ej\u00f3 oldalukat\u201d. [&hellip;]<\/p>\n","protected":false},"author":1,"featured_media":0,"parent":11,"menu_order":0,"comment_status":"closed","ping_status":"closed","template":"","meta":{"_acf_changed":false,"footnotes":""},"coauthors":[],"class_list":["post-130","page","type-page","status-publish","hentry"],"acf":[],"yoast_head":"<!-- This site is optimized with the Yoast SEO plugin v26.7 - https:\/\/yoast.com\/wordpress\/plugins\/seo\/ -->\n<title>A nyomornegyedekben rejl\u0151 lehet\u0151s\u00e9gek - Parola Foly\u00f3irat<\/title>\n<meta name=\"robots\" content=\"index, follow, max-snippet:-1, max-image-preview:large, max-video-preview:-1\" \/>\n<link rel=\"canonical\" href=\"https:\/\/kofe.hu\/parola\/korabbi-lapszamok\/a-nyomornegyedekben-rejlo-lehetosegek\/\" \/>\n<meta property=\"og:locale\" content=\"hu_HU\" \/>\n<meta property=\"og:type\" content=\"article\" \/>\n<meta property=\"og:title\" content=\"A nyomornegyedekben rejl\u0151 lehet\u0151s\u00e9gek - Parola Foly\u00f3irat\" \/>\n<meta property=\"og:description\" content=\"[vc_row full_width=&#8221;stretch_row&#8221; css=&#8221;.vc_custom_1556609750020{background-color: #f2f2f2 !important;}&#8221;][vc_column css=&#8221;.vc_custom_1556608435755{margin-top: 40px !important;margin-bottom: 40px !important;padding-top: 40px !important;background-color: #ffffff !important;}&#8221;][vc_column_text] A nyomornegyedekben rejl\u0151 lehet\u0151s\u00e9gek [\/vc_column_text][vc_column_text]A nyomornegyedekben uralkod\u00f3 \u00e9letk\u00f6r\u00fclm\u00e9nyek l\u00e1tt\u00e1n, hallat\u00e1n val\u00f3sz\u00edn\u0171leg kevesekben vet\u0151dik fel a gondolat, hogy ilyen helyen b\u00e1rmi j\u00f3 is t\u00f6rt\u00e9nhet, \u00e1m ez a cikk arra v\u00e1lla lkozik, hogy r\u00f6viden felt\u00e1rja a nyomornegyedekben rejl\u0151 potenci\u00e1lt, \u00e9s megvil\u00e1g\u00edtsa \u201ej\u00f3 oldalukat\u201d. [&hellip;]\" \/>\n<meta property=\"og:url\" content=\"https:\/\/kofe.hu\/parola\/korabbi-lapszamok\/a-nyomornegyedekben-rejlo-lehetosegek\/\" \/>\n<meta property=\"og:site_name\" content=\"Parola Foly\u00f3irat\" \/>\n<meta property=\"article:modified_time\" content=\"2019-05-08T17:16:21+00:00\" \/>\n<meta property=\"og:image\" content=\"http:\/\/kofe.hu\/parola\/wp-content\/uploads\/2019\/03\/parolaweblogo2.png\" \/>\n<meta name=\"twitter:card\" content=\"summary_large_image\" \/>\n<meta name=\"twitter:label1\" content=\"Becs\u00fclt olvas\u00e1si id\u0151\" \/>\n\t<meta name=\"twitter:data1\" content=\"14 perc\" \/>\n\t<meta name=\"twitter:label2\" content=\"Written by\" \/>\n\t<meta name=\"twitter:data2\" content=\"Knyih\u00e1r \u00c9va\" \/>\n<script type=\"application\/ld+json\" class=\"yoast-schema-graph\">{\"@context\":\"https:\/\/schema.org\",\"@graph\":[{\"@type\":\"WebPage\",\"@id\":\"https:\/\/kofe.hu\/parola\/korabbi-lapszamok\/a-nyomornegyedekben-rejlo-lehetosegek\/\",\"url\":\"https:\/\/kofe.hu\/parola\/korabbi-lapszamok\/a-nyomornegyedekben-rejlo-lehetosegek\/\",\"name\":\"A nyomornegyedekben rejl\u0151 lehet\u0151s\u00e9gek - Parola Foly\u00f3irat\",\"isPartOf\":{\"@id\":\"https:\/\/kofe.hu\/parola\/#website\"},\"primaryImageOfPage\":{\"@id\":\"https:\/\/kofe.hu\/parola\/korabbi-lapszamok\/a-nyomornegyedekben-rejlo-lehetosegek\/#primaryimage\"},\"image\":{\"@id\":\"https:\/\/kofe.hu\/parola\/korabbi-lapszamok\/a-nyomornegyedekben-rejlo-lehetosegek\/#primaryimage\"},\"thumbnailUrl\":\"http:\/\/kofe.hu\/parola\/wp-content\/uploads\/2019\/03\/parolaweblogo2.png\",\"datePublished\":\"2019-04-30T06:59:12+00:00\",\"dateModified\":\"2019-05-08T17:16:21+00:00\",\"breadcrumb\":{\"@id\":\"https:\/\/kofe.hu\/parola\/korabbi-lapszamok\/a-nyomornegyedekben-rejlo-lehetosegek\/#breadcrumb\"},\"inLanguage\":\"hu\",\"potentialAction\":[{\"@type\":\"ReadAction\",\"target\":[\"https:\/\/kofe.hu\/parola\/korabbi-lapszamok\/a-nyomornegyedekben-rejlo-lehetosegek\/\"]}]},{\"@type\":\"ImageObject\",\"inLanguage\":\"hu\",\"@id\":\"https:\/\/kofe.hu\/parola\/korabbi-lapszamok\/a-nyomornegyedekben-rejlo-lehetosegek\/#primaryimage\",\"url\":\"http:\/\/kofe.hu\/parola\/wp-content\/uploads\/2019\/03\/parolaweblogo2.png\",\"contentUrl\":\"http:\/\/kofe.hu\/parola\/wp-content\/uploads\/2019\/03\/parolaweblogo2.png\"},{\"@type\":\"BreadcrumbList\",\"@id\":\"https:\/\/kofe.hu\/parola\/korabbi-lapszamok\/a-nyomornegyedekben-rejlo-lehetosegek\/#breadcrumb\",\"itemListElement\":[{\"@type\":\"ListItem\",\"position\":1,\"name\":\"Home\",\"item\":\"https:\/\/kofe.hu\/parola\/\"},{\"@type\":\"ListItem\",\"position\":2,\"name\":\"Kor\u00e1bbi lapsz\u00e1mok\",\"item\":\"https:\/\/kofe.hu\/parola\/korabbi-lapszamok\/\"},{\"@type\":\"ListItem\",\"position\":3,\"name\":\"A nyomornegyedekben rejl\u0151 lehet\u0151s\u00e9gek\"}]},{\"@type\":\"WebSite\",\"@id\":\"https:\/\/kofe.hu\/parola\/#website\",\"url\":\"https:\/\/kofe.hu\/parola\/\",\"name\":\"Parola Foly\u00f3irat\",\"description\":\"\",\"potentialAction\":[{\"@type\":\"SearchAction\",\"target\":{\"@type\":\"EntryPoint\",\"urlTemplate\":\"https:\/\/kofe.hu\/parola\/?s={search_term_string}\"},\"query-input\":{\"@type\":\"PropertyValueSpecification\",\"valueRequired\":true,\"valueName\":\"search_term_string\"}}],\"inLanguage\":\"hu\"}]}<\/script>\n<!-- \/ Yoast SEO plugin. -->","yoast_head_json":{"title":"A nyomornegyedekben rejl\u0151 lehet\u0151s\u00e9gek - Parola Foly\u00f3irat","robots":{"index":"index","follow":"follow","max-snippet":"max-snippet:-1","max-image-preview":"max-image-preview:large","max-video-preview":"max-video-preview:-1"},"canonical":"https:\/\/kofe.hu\/parola\/korabbi-lapszamok\/a-nyomornegyedekben-rejlo-lehetosegek\/","og_locale":"hu_HU","og_type":"article","og_title":"A nyomornegyedekben rejl\u0151 lehet\u0151s\u00e9gek - Parola Foly\u00f3irat","og_description":"[vc_row full_width=&#8221;stretch_row&#8221; css=&#8221;.vc_custom_1556609750020{background-color: #f2f2f2 !important;}&#8221;][vc_column css=&#8221;.vc_custom_1556608435755{margin-top: 40px !important;margin-bottom: 40px !important;padding-top: 40px !important;background-color: #ffffff !important;}&#8221;][vc_column_text] A nyomornegyedekben rejl\u0151 lehet\u0151s\u00e9gek [\/vc_column_text][vc_column_text]A nyomornegyedekben uralkod\u00f3 \u00e9letk\u00f6r\u00fclm\u00e9nyek l\u00e1tt\u00e1n, hallat\u00e1n val\u00f3sz\u00edn\u0171leg kevesekben vet\u0151dik fel a gondolat, hogy ilyen helyen b\u00e1rmi j\u00f3 is t\u00f6rt\u00e9nhet, \u00e1m ez a cikk arra v\u00e1lla lkozik, hogy r\u00f6viden felt\u00e1rja a nyomornegyedekben rejl\u0151 potenci\u00e1lt, \u00e9s megvil\u00e1g\u00edtsa \u201ej\u00f3 oldalukat\u201d. [&hellip;]","og_url":"https:\/\/kofe.hu\/parola\/korabbi-lapszamok\/a-nyomornegyedekben-rejlo-lehetosegek\/","og_site_name":"Parola Foly\u00f3irat","article_modified_time":"2019-05-08T17:16:21+00:00","og_image":[{"url":"http:\/\/kofe.hu\/parola\/wp-content\/uploads\/2019\/03\/parolaweblogo2.png","type":"","width":"","height":""}],"twitter_card":"summary_large_image","twitter_misc":{"Becs\u00fclt olvas\u00e1si id\u0151":"14 perc","Written by":"Knyih\u00e1r \u00c9va"},"schema":{"@context":"https:\/\/schema.org","@graph":[{"@type":"WebPage","@id":"https:\/\/kofe.hu\/parola\/korabbi-lapszamok\/a-nyomornegyedekben-rejlo-lehetosegek\/","url":"https:\/\/kofe.hu\/parola\/korabbi-lapszamok\/a-nyomornegyedekben-rejlo-lehetosegek\/","name":"A nyomornegyedekben rejl\u0151 lehet\u0151s\u00e9gek - Parola Foly\u00f3irat","isPartOf":{"@id":"https:\/\/kofe.hu\/parola\/#website"},"primaryImageOfPage":{"@id":"https:\/\/kofe.hu\/parola\/korabbi-lapszamok\/a-nyomornegyedekben-rejlo-lehetosegek\/#primaryimage"},"image":{"@id":"https:\/\/kofe.hu\/parola\/korabbi-lapszamok\/a-nyomornegyedekben-rejlo-lehetosegek\/#primaryimage"},"thumbnailUrl":"http:\/\/kofe.hu\/parola\/wp-content\/uploads\/2019\/03\/parolaweblogo2.png","datePublished":"2019-04-30T06:59:12+00:00","dateModified":"2019-05-08T17:16:21+00:00","breadcrumb":{"@id":"https:\/\/kofe.hu\/parola\/korabbi-lapszamok\/a-nyomornegyedekben-rejlo-lehetosegek\/#breadcrumb"},"inLanguage":"hu","potentialAction":[{"@type":"ReadAction","target":["https:\/\/kofe.hu\/parola\/korabbi-lapszamok\/a-nyomornegyedekben-rejlo-lehetosegek\/"]}]},{"@type":"ImageObject","inLanguage":"hu","@id":"https:\/\/kofe.hu\/parola\/korabbi-lapszamok\/a-nyomornegyedekben-rejlo-lehetosegek\/#primaryimage","url":"http:\/\/kofe.hu\/parola\/wp-content\/uploads\/2019\/03\/parolaweblogo2.png","contentUrl":"http:\/\/kofe.hu\/parola\/wp-content\/uploads\/2019\/03\/parolaweblogo2.png"},{"@type":"BreadcrumbList","@id":"https:\/\/kofe.hu\/parola\/korabbi-lapszamok\/a-nyomornegyedekben-rejlo-lehetosegek\/#breadcrumb","itemListElement":[{"@type":"ListItem","position":1,"name":"Home","item":"https:\/\/kofe.hu\/parola\/"},{"@type":"ListItem","position":2,"name":"Kor\u00e1bbi lapsz\u00e1mok","item":"https:\/\/kofe.hu\/parola\/korabbi-lapszamok\/"},{"@type":"ListItem","position":3,"name":"A nyomornegyedekben rejl\u0151 lehet\u0151s\u00e9gek"}]},{"@type":"WebSite","@id":"https:\/\/kofe.hu\/parola\/#website","url":"https:\/\/kofe.hu\/parola\/","name":"Parola Foly\u00f3irat","description":"","potentialAction":[{"@type":"SearchAction","target":{"@type":"EntryPoint","urlTemplate":"https:\/\/kofe.hu\/parola\/?s={search_term_string}"},"query-input":{"@type":"PropertyValueSpecification","valueRequired":true,"valueName":"search_term_string"}}],"inLanguage":"hu"}]}},"_links":{"self":[{"href":"https:\/\/kofe.hu\/parola\/wp-json\/wp\/v2\/pages\/130","targetHints":{"allow":["GET"]}}],"collection":[{"href":"https:\/\/kofe.hu\/parola\/wp-json\/wp\/v2\/pages"}],"about":[{"href":"https:\/\/kofe.hu\/parola\/wp-json\/wp\/v2\/types\/page"}],"author":[{"embeddable":true,"href":"https:\/\/kofe.hu\/parola\/wp-json\/wp\/v2\/users\/1"}],"replies":[{"embeddable":true,"href":"https:\/\/kofe.hu\/parola\/wp-json\/wp\/v2\/comments?post=130"}],"version-history":[{"count":15,"href":"https:\/\/kofe.hu\/parola\/wp-json\/wp\/v2\/pages\/130\/revisions"}],"predecessor-version":[{"id":216,"href":"https:\/\/kofe.hu\/parola\/wp-json\/wp\/v2\/pages\/130\/revisions\/216"}],"up":[{"embeddable":true,"href":"https:\/\/kofe.hu\/parola\/wp-json\/wp\/v2\/pages\/11"}],"wp:attachment":[{"href":"https:\/\/kofe.hu\/parola\/wp-json\/wp\/v2\/media?parent=130"}],"wp:term":[{"taxonomy":"author","embeddable":true,"href":"https:\/\/kofe.hu\/parola\/wp-json\/wp\/v2\/coauthors?post=130"}],"curies":[{"name":"wp","href":"https:\/\/api.w.org\/{rel}","templated":true}]}}