{"version":"1.0","provider_name":"Parola Foly\u00f3irat","provider_url":"https:\/\/kofe.hu\/parola","author_name":"Vars\u00e1nyi Erika","author_url":"https:\/\/kofe.hu\/parola\/szerzok\/varsanyi-erika\/","title":"Mi \u00e9rtend\u0151 ... alatt? Alapfogalmak a politikai k\u00e1oszban - Parola Foly\u00f3irat","type":"rich","width":600,"height":338,"html":"<blockquote class=\"wp-embedded-content\" data-secret=\"ddlTBQCTnH\"><a href=\"https:\/\/kofe.hu\/parola\/parola-folyoirat\/mi-ertendo-alatt-alapfogalmak-a-politikai-kaoszban\/\">Mi \u00e9rtend\u0151 &#8230; alatt? Alapfogalmak a politikai k\u00e1oszban<\/a><\/blockquote><iframe sandbox=\"allow-scripts\" security=\"restricted\" src=\"https:\/\/kofe.hu\/parola\/parola-folyoirat\/mi-ertendo-alatt-alapfogalmak-a-politikai-kaoszban\/embed\/#?secret=ddlTBQCTnH\" width=\"600\" height=\"338\" title=\"&#8220;Mi \u00e9rtend\u0151 &#8230; alatt? Alapfogalmak a politikai k\u00e1oszban&#8221; &#8212; Parola Foly\u00f3irat\" data-secret=\"ddlTBQCTnH\" frameborder=\"0\" marginwidth=\"0\" marginheight=\"0\" scrolling=\"no\" class=\"wp-embedded-content\"><\/iframe><script type=\"text\/javascript\">\n\/* <![CDATA[ *\/\n\/*! This file is auto-generated *\/\n!function(d,l){\"use strict\";l.querySelector&&d.addEventListener&&\"undefined\"!=typeof URL&&(d.wp=d.wp||{},d.wp.receiveEmbedMessage||(d.wp.receiveEmbedMessage=function(e){var t=e.data;if((t||t.secret||t.message||t.value)&&!\/[^a-zA-Z0-9]\/.test(t.secret)){for(var s,r,n,a=l.querySelectorAll('iframe[data-secret=\"'+t.secret+'\"]'),o=l.querySelectorAll('blockquote[data-secret=\"'+t.secret+'\"]'),c=new RegExp(\"^https?:$\",\"i\"),i=0;i<o.length;i++)o[i].style.display=\"none\";for(i=0;i<a.length;i++)s=a[i],e.source===s.contentWindow&&(s.removeAttribute(\"style\"),\"height\"===t.message?(1e3<(r=parseInt(t.value,10))?r=1e3:~~r<200&&(r=200),s.height=r):\"link\"===t.message&&(r=new URL(s.getAttribute(\"src\")),n=new URL(t.value),c.test(n.protocol))&&n.host===r.host&&l.activeElement===s&&(d.top.location.href=t.value))}},d.addEventListener(\"message\",d.wp.receiveEmbedMessage,!1),l.addEventListener(\"DOMContentLoaded\",function(){for(var e,t,s=l.querySelectorAll(\"iframe.wp-embedded-content\"),r=0;r<s.length;r++)(t=(e=s[r]).getAttribute(\"data-secret\"))||(t=Math.random().toString(36).substring(2,12),e.src+=\"#?secret=\"+t,e.setAttribute(\"data-secret\",t)),e.contentWindow.postMessage({message:\"ready\",secret:t},\"*\")},!1)))}(window,document);\n\/\/# sourceURL=https:\/\/kofe.hu\/parola\/wp-includes\/js\/wp-embed.min.js\n\/* ]]> *\/\n<\/script>\n","thumbnail_url":"https:\/\/kofe.hu\/parola\/wp-content\/uploads\/2020\/05\/vars\u00e1nyi-erika.gif","thumbnail_width":288,"thumbnail_height":302,"description":"A k\u00f6z\u00f6ss\u00e9gfejleszt\u00e9s helyi gyakorlat\u00e1b\u00f3l az \u00e9vek sor\u00e1n egyre t\u00e1gabb horizontok ny\u00edltak meg: a helyi demokr\u00e1cia fogalma kisz\u00e9lesedett a civil t\u00e1rsadalomig. Ez ut\u00f3bbi fogalom kiterjedt \u00e9rtelmez\u00e9sei k\u00fcl\u00f6n\u00f6sen a kelet-eur\u00f3pai orsz\u00e1gok \u00e1talakul\u00e1s\u00e1val nyertek fokozott jelent\u0151s\u00e9get. E. Gellner a civil t\u00e1rsadalom elemz\u00e9sekor azt \u00e1ll\u00edtja, hogy a demokr\u00e1cia eszm\u00e9ny\u00e9t az emberek meghat\u00e1rozott csoportja alkotta \u00e9s form\u00e1lta a t\u00f6rt\u00e9nelem sor\u00e1n, [&hellip;]"}