{"version":"1.0","provider_name":"Parola Foly\u00f3irat","provider_url":"https:\/\/kofe.hu\/parola","author_name":"Parola","author_url":"https:\/\/kofe.hu\/parola\/szerzok\/parola\/","title":"Megjelent Varga A. Tam\u00e1s k\u00f6nyve - Parola Foly\u00f3irat","type":"rich","width":600,"height":338,"html":"<blockquote class=\"wp-embedded-content\" data-secret=\"6jsVXklLiO\"><a href=\"https:\/\/kofe.hu\/parola\/parola-folyoirat\/megjelent-varga-a-tamas-konyve\/\">Megjelent Varga A. Tam\u00e1s k\u00f6nyve<\/a><\/blockquote><iframe sandbox=\"allow-scripts\" security=\"restricted\" src=\"https:\/\/kofe.hu\/parola\/parola-folyoirat\/megjelent-varga-a-tamas-konyve\/embed\/#?secret=6jsVXklLiO\" width=\"600\" height=\"338\" title=\"&#8220;Megjelent Varga A. Tam\u00e1s k\u00f6nyve&#8221; &#8212; Parola Foly\u00f3irat\" data-secret=\"6jsVXklLiO\" frameborder=\"0\" marginwidth=\"0\" marginheight=\"0\" scrolling=\"no\" class=\"wp-embedded-content\"><\/iframe><script type=\"text\/javascript\">\n\/* <![CDATA[ *\/\n\/*! This file is auto-generated *\/\n!function(d,l){\"use strict\";l.querySelector&&d.addEventListener&&\"undefined\"!=typeof URL&&(d.wp=d.wp||{},d.wp.receiveEmbedMessage||(d.wp.receiveEmbedMessage=function(e){var t=e.data;if((t||t.secret||t.message||t.value)&&!\/[^a-zA-Z0-9]\/.test(t.secret)){for(var s,r,n,a=l.querySelectorAll('iframe[data-secret=\"'+t.secret+'\"]'),o=l.querySelectorAll('blockquote[data-secret=\"'+t.secret+'\"]'),c=new RegExp(\"^https?:$\",\"i\"),i=0;i<o.length;i++)o[i].style.display=\"none\";for(i=0;i<a.length;i++)s=a[i],e.source===s.contentWindow&&(s.removeAttribute(\"style\"),\"height\"===t.message?(1e3<(r=parseInt(t.value,10))?r=1e3:~~r<200&&(r=200),s.height=r):\"link\"===t.message&&(r=new URL(s.getAttribute(\"src\")),n=new URL(t.value),c.test(n.protocol))&&n.host===r.host&&l.activeElement===s&&(d.top.location.href=t.value))}},d.addEventListener(\"message\",d.wp.receiveEmbedMessage,!1),l.addEventListener(\"DOMContentLoaded\",function(){for(var e,t,s=l.querySelectorAll(\"iframe.wp-embedded-content\"),r=0;r<s.length;r++)(t=(e=s[r]).getAttribute(\"data-secret\"))||(t=Math.random().toString(36).substring(2,12),e.src+=\"#?secret=\"+t,e.setAttribute(\"data-secret\",t)),e.contentWindow.postMessage({message:\"ready\",secret:t},\"*\")},!1)))}(window,document);\n\/\/# sourceURL=https:\/\/kofe.hu\/parola\/wp-includes\/js\/wp-embed.min.js\n\/* ]]> *\/\n<\/script>\n","description":"A k\u00f6z\u00f6ss\u00e9gfejleszt\u00e9s egyik hazai alap\u00edt\u00f3ja \u00e9s szellemi vezet\u0151je 2002. j\u00falius 5-\u00e9n hunyt el Budapesten. A k\u00f6tet anyag\u00e1t a 2002. szeptember 5\u20136-\u00e1n \u201eK\u00f6z\u00f6ss\u00e9g\u201d c\u00edmmel Kunb\u00e1bonyban, a Civil Koll\u00e9gium k\u00e9pz\u00e9si k\u00f6zpontj\u00e1ban rendezett eml\u00e9k\u00fcl\u00e9sen elhangzottak, valamint az arra k\u00fcld\u00f6tt hozz\u00e1sz\u00f3l\u00e1sok, tov\u00e1bb\u00e1 levelek, cikkek \u00e9s tanulm\u00e1nyok adj\u00e1k."}