{"version":"1.0","provider_name":"Parola Foly\u00f3irat","provider_url":"https:\/\/kofe.hu\/parola","author_name":"NGO Region\u00e1lis H\u00edrlev\u00e9l, 1997. janu\u00e1r","author_url":"https:\/\/kofe.hu\/parola\/szerzok\/ngo-regionalis-hirlevel-1997-januar\/","title":"K\u00f6z\u00f6ss\u00e9gi Alap\u00edtv\u00e1nyok - Parola Foly\u00f3irat","type":"rich","width":600,"height":338,"html":"<blockquote class=\"wp-embedded-content\" data-secret=\"OvDDqxkZJi\"><a href=\"https:\/\/kofe.hu\/parola\/parola-folyoirat\/kozossegi-alapitvanyok\/\">K\u00f6z\u00f6ss\u00e9gi Alap\u00edtv\u00e1nyok<\/a><\/blockquote><iframe sandbox=\"allow-scripts\" security=\"restricted\" src=\"https:\/\/kofe.hu\/parola\/parola-folyoirat\/kozossegi-alapitvanyok\/embed\/#?secret=OvDDqxkZJi\" width=\"600\" height=\"338\" title=\"&#8220;K\u00f6z\u00f6ss\u00e9gi Alap\u00edtv\u00e1nyok&#8221; &#8212; Parola Foly\u00f3irat\" data-secret=\"OvDDqxkZJi\" frameborder=\"0\" marginwidth=\"0\" marginheight=\"0\" scrolling=\"no\" class=\"wp-embedded-content\"><\/iframe><script type=\"text\/javascript\">\n\/* <![CDATA[ *\/\n\/*! This file is auto-generated *\/\n!function(d,l){\"use strict\";l.querySelector&&d.addEventListener&&\"undefined\"!=typeof URL&&(d.wp=d.wp||{},d.wp.receiveEmbedMessage||(d.wp.receiveEmbedMessage=function(e){var t=e.data;if((t||t.secret||t.message||t.value)&&!\/[^a-zA-Z0-9]\/.test(t.secret)){for(var s,r,n,a=l.querySelectorAll('iframe[data-secret=\"'+t.secret+'\"]'),o=l.querySelectorAll('blockquote[data-secret=\"'+t.secret+'\"]'),c=new RegExp(\"^https?:$\",\"i\"),i=0;i<o.length;i++)o[i].style.display=\"none\";for(i=0;i<a.length;i++)s=a[i],e.source===s.contentWindow&&(s.removeAttribute(\"style\"),\"height\"===t.message?(1e3<(r=parseInt(t.value,10))?r=1e3:~~r<200&&(r=200),s.height=r):\"link\"===t.message&&(r=new URL(s.getAttribute(\"src\")),n=new URL(t.value),c.test(n.protocol))&&n.host===r.host&&l.activeElement===s&&(d.top.location.href=t.value))}},d.addEventListener(\"message\",d.wp.receiveEmbedMessage,!1),l.addEventListener(\"DOMContentLoaded\",function(){for(var e,t,s=l.querySelectorAll(\"iframe.wp-embedded-content\"),r=0;r<s.length;r++)(t=(e=s[r]).getAttribute(\"data-secret\"))||(t=Math.random().toString(36).substring(2,12),e.src+=\"#?secret=\"+t,e.setAttribute(\"data-secret\",t)),e.contentWindow.postMessage({message:\"ready\",secret:t},\"*\")},!1)))}(window,document);\n\/\/# sourceURL=https:\/\/kofe.hu\/parola\/wp-includes\/js\/wp-embed.min.js\n\/* ]]> *\/\n<\/script>\n","thumbnail_url":"https:\/\/kofe.hu\/parola\/wp-content\/uploads\/2020\/08\/97.2.3-500x500.jpeg","thumbnail_width":500,"thumbnail_height":500,"description":"Az \u00e9bred\u00e9s pillanata k\u00f6zeleg K\u00f6z\u00e9p- \u00e9s Kelet-Eur\u00f3pa nonprofit szektor\u00e1ban. A nonprofit szervezetek 1989 \u00f3ta igen jelent\u0151s m\u00e9rt\u00e9k\u0171 nyugati t\u00e1mogat\u00e1sban r\u00e9szes\u00fcltek, most azonban fel kell k\u00e9sz\u00fclni arra, hogy s\u00falyos p\u00e9nz\u00fcgyi neh\u00e9zs\u00e9gekkel n\u00e9zzenek szembe, minthogy egyre t\u00f6bb k\u00fclf\u00f6ldi korm\u00e1ny \u00e9s alap\u00edtv\u00e1ny cs\u00f6kkenti, illetve sz\u00fcnteti meg ez ir\u00e1ny\u00fa tev\u00e9kenys\u00e9g\u00e9t."}