{"version":"1.0","provider_name":"Parola Foly\u00f3irat","provider_url":"https:\/\/kofe.hu\/parola","author_name":"Kov\u00e1cs Ildik\u00f3","author_url":"https:\/\/kofe.hu\/parola\/szerzok\/kovacs-ildiko\/","title":"Haj\u00f3z\u00e1s a sziv\u00e1rv\u00e1ny alatt - Parola Foly\u00f3irat","type":"rich","width":600,"height":338,"html":"<blockquote class=\"wp-embedded-content\" data-secret=\"9c3lQ9U1lJ\"><a href=\"https:\/\/kofe.hu\/parola\/parola-folyoirat\/hajozas-a-szivarvany-alatt\/\">Haj\u00f3z\u00e1s a sziv\u00e1rv\u00e1ny alatt<\/a><\/blockquote><iframe sandbox=\"allow-scripts\" security=\"restricted\" src=\"https:\/\/kofe.hu\/parola\/parola-folyoirat\/hajozas-a-szivarvany-alatt\/embed\/#?secret=9c3lQ9U1lJ\" width=\"600\" height=\"338\" title=\"&#8220;Haj\u00f3z\u00e1s a sziv\u00e1rv\u00e1ny alatt&#8221; &#8212; Parola Foly\u00f3irat\" data-secret=\"9c3lQ9U1lJ\" frameborder=\"0\" marginwidth=\"0\" marginheight=\"0\" scrolling=\"no\" class=\"wp-embedded-content\"><\/iframe><script type=\"text\/javascript\">\n\/* <![CDATA[ *\/\n\/*! This file is auto-generated *\/\n!function(d,l){\"use strict\";l.querySelector&&d.addEventListener&&\"undefined\"!=typeof URL&&(d.wp=d.wp||{},d.wp.receiveEmbedMessage||(d.wp.receiveEmbedMessage=function(e){var t=e.data;if((t||t.secret||t.message||t.value)&&!\/[^a-zA-Z0-9]\/.test(t.secret)){for(var s,r,n,a=l.querySelectorAll('iframe[data-secret=\"'+t.secret+'\"]'),o=l.querySelectorAll('blockquote[data-secret=\"'+t.secret+'\"]'),c=new RegExp(\"^https?:$\",\"i\"),i=0;i<o.length;i++)o[i].style.display=\"none\";for(i=0;i<a.length;i++)s=a[i],e.source===s.contentWindow&&(s.removeAttribute(\"style\"),\"height\"===t.message?(1e3<(r=parseInt(t.value,10))?r=1e3:~~r<200&&(r=200),s.height=r):\"link\"===t.message&&(r=new URL(s.getAttribute(\"src\")),n=new URL(t.value),c.test(n.protocol))&&n.host===r.host&&l.activeElement===s&&(d.top.location.href=t.value))}},d.addEventListener(\"message\",d.wp.receiveEmbedMessage,!1),l.addEventListener(\"DOMContentLoaded\",function(){for(var e,t,s=l.querySelectorAll(\"iframe.wp-embedded-content\"),r=0;r<s.length;r++)(t=(e=s[r]).getAttribute(\"data-secret\"))||(t=Math.random().toString(36).substring(2,12),e.src+=\"#?secret=\"+t,e.setAttribute(\"data-secret\",t)),e.contentWindow.postMessage({message:\"ready\",secret:t},\"*\")},!1)))}(window,document);\n\/\/# sourceURL=https:\/\/kofe.hu\/parola\/wp-includes\/js\/wp-embed.min.js\n\/* ]]> *\/\n<\/script>\n","thumbnail_url":"https:\/\/kofe.hu\/parola\/wp-content\/uploads\/2020\/07\/2016-1_cim_xxvii-1.jpg","thumbnail_width":1241,"thumbnail_height":1755,"description":"A posztadoleszcencia jelens\u00e9ge j\u00f3l megfigyelhet\u0151 a mai Magyarorsz\u00e1g ter\u00fclet\u00e9n is. Mint k\u00f6zel huszon\u00f6t \u00e9ves egyetemista di\u00e1kl\u00e1nynak, nekem sincsen m\u00e9g gyermekem, \u00edgy az anyak\u00f6zpontok m\u0171k\u00f6d\u00e9se, szervez\u0151d\u00e9se t\u00e1vol \u00e1ll t\u0151lem. Mint m\u00e1sod\u00e9ves szociol\u00f3gus mesterszakos hallgat\u00f3, \u00fagy gondolom, hogy az ismeretlen dolgokkal szemben az ember kez\u00e9ben az egyetlen haszn\u00e1lhat\u00f3 \u201efegyver\u201d a\u00a0megismer\u00e9s. A K\u00f6z\u00f6ss\u00e9gfejleszt\u0151k Egyes\u00fclet\u00e9n\u00e9l teljes\u00edtett terepgyakorlatom keretein bel\u00fcl [&hellip;]"}